{"id":15605,"date":"2019-06-03T23:41:04","date_gmt":"2019-06-03T21:41:04","guid":{"rendered":"http:\/\/mpu.rs\/prague-quadrennial-of-stage-design-and-stage-space-2019-veljko-stojanovic\/"},"modified":"2019-06-04T10:09:16","modified_gmt":"2019-06-04T08:09:16","slug":"prague-quadrennial-of-stage-design-and-stage-space-2019-veljko-stojanovic","status":"publish","type":"page","link":"https:\/\/mpu.rs\/en\/prague-quadrennial-of-stage-design-and-stage-space-2019-veljko-stojanovic\/","title":{"rendered":"Prague Quadrennial of stage design and stage space 2019 &#8211; Veljko Stojanovi\u0107"},"content":{"rendered":"<div class=\"wpb-content-wrapper\"><p>[vc_row][vc_column]<div class=\"cm_slider\"><div class=\"content royal_slider_69f73ece6fbc3\"><div class=\"slide\" href=\"https:\/\/mpu.rs\/wp-content\/uploads\/2019\/06\/izlozbe-2019-pq2019-nacionalna-03_VS_Volvo-Kamioni.jpg\" title=\"<i>Volvo Trucks<\/i>, by Erlend Loe\" data-caption=\"Veljko Stojanovi\u0107\"><img decoding=\"async\" class=\"rsImg\" src=\"https:\/\/mpu.rs\/wp-content\/uploads\/2019\/06\/izlozbe-2019-pq2019-nacionalna-03_VS_Volvo-Kamioni-810x540.jpg\" \/><div class=\"caption\"><p class=\"title\"><i>Volvo Trucks<\/i>, by Erlend Loe<\/p><p class=\"desc\">Veljko Stojanovi\u0107<\/p><\/div><\/div><div class=\"slide\" href=\"https:\/\/mpu.rs\/wp-content\/uploads\/2019\/06\/izlozbe-2019-pq2019-nacionalna-Volvo-Kamioni-600x900.jpg\" title=\"<i>Volvo Trucks<\/i>, by Erlend Loe\" data-caption=\"Veljko Stojanovi\u0107\"><img decoding=\"async\" class=\"rsImg\" src=\"https:\/\/mpu.rs\/wp-content\/uploads\/2019\/06\/izlozbe-2019-pq2019-nacionalna-Volvo-Kamioni-360x540.jpg\" \/><div class=\"caption\"><p class=\"title\"><i>Volvo Trucks<\/i>, by Erlend Loe<\/p><p class=\"desc\">Veljko Stojanovi\u0107<\/p><\/div><\/div><\/div><\/div>        <script>\n            jQuery(document).ready(function ($) {\n                var slider = $('.royal_slider_69f73ece6fbc3');\n                slider.royalSlider({\n                    navigateByClick: false,\n                    allowCSS3: false,\n                    autoScaleSlider: false,\n                    autoHeight: false,\n                    controlNavigation: 'none',\n                    imageScaleMode: 'fit-if-smaller',\n                    imageScalePadding: 0,\n                    arrowsNavAutoHide: false,\n                    transitionType: 'fade',\n                    imageAlignCenter: false,\n                    transitionSpeed: 200,\n                    loop: true,\n                    autoPlay: {\n                        enabled: true,\n                        pauseOnHover: false,\n                        delay: 5000\n                    }\n                });\n                var slider_api = slider.data('royalSlider');\n                slider_api.slides[0].holder.on('rsAfterContentSet', function () {\n                    slider.addClass('started');\n                });\n\n                $('.royal_slider_69f73ece6fbc3').on('click', '.rsImg', function () {\n                    $.magnificPopup.open({\n                        items: [{\"src\":\"https:\\\/\\\/mpu.rs\\\/wp-content\\\/uploads\\\/2019\\\/06\\\/izlozbe-2019-pq2019-nacionalna-03_VS_Volvo-Kamioni.jpg\",\"type\":\"image\",\"title\":\"<i>Volvo Trucks<\\\/i>, by Erlend Loe<small>Veljko Stojanovi\\u0107<\\\/small>\"},{\"src\":\"https:\\\/\\\/mpu.rs\\\/wp-content\\\/uploads\\\/2019\\\/06\\\/izlozbe-2019-pq2019-nacionalna-Volvo-Kamioni-600x900.jpg\",\"type\":\"image\",\"title\":\"<i>Volvo Trucks<\\\/i>, by Erlend Loe<small>Veljko Stojanovi\\u0107<\\\/small>\"}],\n                        type: 'image',\n                        tLoading: 'Loading image #%curr%...',\n                        gallery: {\n                            enabled: true,\n                            navigateByImgClick: true,\n                            preload: [0, 1] \/\/ Will preload 0 - before current, and 1 after the current image\n                        },\n                        image: {\n                            tError: 'Loading failed',\n                            titleSrc: function (item) {\n                                console.log(item);\n                                \/*var title = '';\n                                 if (item.el.attr('title')) {\n                                 title = item.el.attr('title');\n                                 }\n                                 if (item.el.attr('data-caption')) {\n                                 title += ' <small>' + item.el.attr('data-caption') + '<\/small>';\n                                 }\n                                 return title;*\/\n                            }\n                        },\n                        callbacks: {\n                            open: function () {\n                                var mfp = jQuery.magnificPopup.instance;\n                                var proto = $.magnificPopup.proto;\n\n                                \/\/ extend function that moves to next item\n                                mfp.next = function () {\n                                    \/\/ if index is not last, call parent method\n                                    if (mfp.index < mfp.items.length - 1) {\n                                        proto.next.call(mfp);\n                                    } else {\n                                        mfp.close();\n                                    }\n                                };\n\n                                \/\/ same with prev method\n                                mfp.prev = function () {\n                                    if (mfp.index > 0) {\n                                        proto.prev.call(mfp);\n                                    } else {\n                                        mfp.close();\n                                    }\n                                };\n                                var current_slide = parseInt(slider.data('royalSlider').currSlide.id);\n                                mfp.goTo(current_slide);\n\n\n                                $('.mfp-wrap').swipe({\n                                    swipeLeft: function (event, direction, distance, duration, fingerCount) {\n                                        $(\".mfp-arrow-right\").magnificPopup(\"next\");\n                                    },\n                                    swipeRight: function () {\n                                        $(\".mfp-arrow-left\").magnificPopup(\"prev\");\n                                    },\n                                    threshold: 50\n                                });\n                            }\n                        }\n                    });\n                });\n            });\n        <\/script>\n        <div class=\"cm_text\"><\/p>\n<p><strong>01 Name of author\/applicant:<\/strong><\/p>\n<p>Veljko Stojanovi\u0107<\/p>\n<p><strong>02 Role\/category:<\/strong><\/p>\n<p>Costume design<\/p>\n<p><strong>03 Project title:<br \/>\n<\/strong><em>Volvo Trucks<\/em>, by Erlend Loe<\/p>\n<p><strong>04 Description (not exceeding 50 words):<\/strong><\/p>\n<p>The characters of this story are enemies and, at the same time, they are each other&#8217;s only friends. Although coming from two different sides, they belong to the same coordinate system. Their common history is what divides them. In an ideal world they might not be in conflict. Their fanaticism, contrast and loneliness are key points of caricatural costume design.<\/p>\n<p><strong>05 Impressum (production, place, year, other authors of the team):<\/strong><\/p>\n<p>Direction: Maja Maletkovi\u0107; scenography: Ada Mrda; music: Danica Vujo\u0161evi\u0107 and Ana Bunjak; Atelje 212, Belgrade, 2015<\/p>\n<p><strong>06 Photography:<\/strong><\/p>\n<p>&#8211;<\/p>\n<p><strong>07 Biography (not exceeding 100 words):<\/strong><\/p>\n<p>Veljko Stojanovi\u0107 was born in Belgrade in 1989. He graduated from the Faculty of Applied Arts, University of Arts in Belgrade, the Scenography Study Programme. As a stage and costume designer, he participated in numerous projects of various types of performing arts (theatre, <em>site specific, <\/em>street performance), as well as in film projects in Serbia and abroad. He is an initiator of several cultural actions and humanitarian events in Belgrade and other towns across Serbia. He received a <em>Raiffeisen Club Reward for Young Artists <\/em>and Association of Applied Arts Artists and Designers of Serbia (ULUPUDS) Award for exceptional contribution to art.<\/div>[\/vc_column][\/vc_row]<\/p>\n<\/div>","protected":false},"excerpt":{"rendered":"<p>[vc_row][vc_column][\/vc_column][\/vc_row]<\/p>\n","protected":false},"author":2,"featured_media":0,"parent":0,"menu_order":0,"comment_status":"closed","ping_status":"closed","template":"","meta":{"footnotes":""},"acf":[],"yoast_head":"<!-- This site is optimized with the Yoast SEO plugin v21.8 - https:\/\/yoast.com\/wordpress\/plugins\/seo\/ -->\n<title>Prague Quadrennial of stage design and stage space 2019 - Veljko Stojanovi\u0107 - \u041c\u0443\u0437\u0435\u0458 \u043f\u0440\u0438\u043c\u0435\u045a\u0435\u043d\u0435 \u0443\u043c\u0435\u0442\u043d\u043e\u0441\u0442\u0438 \u0411\u0435\u043e\u0433\u0440\u0430\u0434<\/title>\n<meta name=\"robots\" content=\"index, follow, max-snippet:-1, max-image-preview:large, max-video-preview:-1\" \/>\n<link rel=\"canonical\" href=\"https:\/\/mpu.rs\/en\/prague-quadrennial-of-stage-design-and-stage-space-2019-veljko-stojanovic\/\" \/>\n<meta property=\"og:locale\" content=\"en_US\" \/>\n<meta property=\"og:type\" content=\"article\" \/>\n<meta property=\"og:title\" content=\"Prague Quadrennial of stage design and stage space 2019 - Veljko Stojanovi\u0107 - \u041c\u0443\u0437\u0435\u0458 \u043f\u0440\u0438\u043c\u0435\u045a\u0435\u043d\u0435 \u0443\u043c\u0435\u0442\u043d\u043e\u0441\u0442\u0438 \u0411\u0435\u043e\u0433\u0440\u0430\u0434\" \/>\n<meta property=\"og:description\" content=\"[vc_row][vc_column][\/vc_column][\/vc_row]\" \/>\n<meta property=\"og:url\" content=\"https:\/\/mpu.rs\/en\/prague-quadrennial-of-stage-design-and-stage-space-2019-veljko-stojanovic\/\" \/>\n<meta property=\"og:site_name\" content=\"\u041c\u0443\u0437\u0435\u0458 \u043f\u0440\u0438\u043c\u0435\u045a\u0435\u043d\u0435 \u0443\u043c\u0435\u0442\u043d\u043e\u0441\u0442\u0438 \u0411\u0435\u043e\u0433\u0440\u0430\u0434\" \/>\n<meta property=\"article:modified_time\" content=\"2019-06-04T08:09:16+00:00\" \/>\n<meta name=\"twitter:card\" content=\"summary_large_image\" \/>\n<meta name=\"twitter:label1\" content=\"Est. reading time\" \/>\n\t<meta name=\"twitter:data1\" content=\"1 minute\" \/>\n<script type=\"application\/ld+json\" class=\"yoast-schema-graph\">{\"@context\":\"https:\/\/schema.org\",\"@graph\":[{\"@type\":\"WebPage\",\"@id\":\"https:\/\/mpu.rs\/en\/prague-quadrennial-of-stage-design-and-stage-space-2019-veljko-stojanovic\/\",\"url\":\"https:\/\/mpu.rs\/en\/prague-quadrennial-of-stage-design-and-stage-space-2019-veljko-stojanovic\/\",\"name\":\"Prague Quadrennial of stage design and stage space 2019 - Veljko Stojanovi\u0107 - \u041c\u0443\u0437\u0435\u0458 \u043f\u0440\u0438\u043c\u0435\u045a\u0435\u043d\u0435 \u0443\u043c\u0435\u0442\u043d\u043e\u0441\u0442\u0438 \u0411\u0435\u043e\u0433\u0440\u0430\u0434\",\"isPartOf\":{\"@id\":\"https:\/\/mpu.rs\/#website\"},\"datePublished\":\"2019-06-03T21:41:04+00:00\",\"dateModified\":\"2019-06-04T08:09:16+00:00\",\"breadcrumb\":{\"@id\":\"https:\/\/mpu.rs\/en\/prague-quadrennial-of-stage-design-and-stage-space-2019-veljko-stojanovic\/#breadcrumb\"},\"inLanguage\":\"en-US\",\"potentialAction\":[{\"@type\":\"ReadAction\",\"target\":[\"https:\/\/mpu.rs\/en\/prague-quadrennial-of-stage-design-and-stage-space-2019-veljko-stojanovic\/\"]}]},{\"@type\":\"BreadcrumbList\",\"@id\":\"https:\/\/mpu.rs\/en\/prague-quadrennial-of-stage-design-and-stage-space-2019-veljko-stojanovic\/#breadcrumb\",\"itemListElement\":[{\"@type\":\"ListItem\",\"position\":1,\"name\":\"Home\",\"item\":\"https:\/\/mpu.rs\/en\/\"},{\"@type\":\"ListItem\",\"position\":2,\"name\":\"Prague Quadrennial of stage design and stage space 2019 &#8211; Veljko Stojanovi\u0107\"}]},{\"@type\":\"WebSite\",\"@id\":\"https:\/\/mpu.rs\/#website\",\"url\":\"https:\/\/mpu.rs\/\",\"name\":\"\u041c\u0443\u0437\u0435\u0458 \u043f\u0440\u0438\u043c\u0435\u045a\u0435\u043d\u0435 \u0443\u043c\u0435\u0442\u043d\u043e\u0441\u0442\u0438 \u0411\u0435\u043e\u0433\u0440\u0430\u0434\",\"description\":\"\u0423\u043c\u0435\u0442\u043d\u0438\u0447\u043a\u0438 \u043c\u0443\u0437\u0435\u0458 \u0441\u043f\u0435\u0446\u0438\u0458\u0430\u043b\u0438\u0437\u043e\u0432\u0430\u043d\u043e\u0433 \u0442\u0438\u043f\u0430. \u041e\u0441\u043d\u043e\u0432\u043d\u0430 \u0434\u0435\u043b\u0430\u0442\u043d\u043e\u0441\u0442 \u043c\u0443\u0437\u0435\u0458\u0430 \u0458\u0435 \u0434\u0430 \u0441\u0438\u0441\u0442\u0435\u043c\u0430\u0442\u0441\u043a\u0438 \u043f\u0440\u0438\u043a\u0443\u043f\u0459\u0430, \u0437\u0430\u0448\u0442\u0438\u045b\u0443\u0458\u0435, \u0447\u0443\u0432\u0430, \u043f\u0440\u043e\u0443\u0447\u0430\u0432\u0430, \u0438\u0437\u043b\u0430\u0436\u0435 \u0438 \u043f\u0443\u0431\u043b\u0438\u043a\u0443\u0458\u0435 \u043f\u0440\u0435\u0434\u043c\u0435\u0442\u0435 \u043f\u0440\u0438\u043c\u0435\u045a\u0435\u043d\u0435\",\"potentialAction\":[{\"@type\":\"SearchAction\",\"target\":{\"@type\":\"EntryPoint\",\"urlTemplate\":\"https:\/\/mpu.rs\/?s={search_term_string}\"},\"query-input\":\"required name=search_term_string\"}],\"inLanguage\":\"en-US\"}]}<\/script>\n<!-- \/ Yoast SEO plugin. -->","yoast_head_json":{"title":"Prague Quadrennial of stage design and stage space 2019 - Veljko Stojanovi\u0107 - \u041c\u0443\u0437\u0435\u0458 \u043f\u0440\u0438\u043c\u0435\u045a\u0435\u043d\u0435 \u0443\u043c\u0435\u0442\u043d\u043e\u0441\u0442\u0438 \u0411\u0435\u043e\u0433\u0440\u0430\u0434","robots":{"index":"index","follow":"follow","max-snippet":"max-snippet:-1","max-image-preview":"max-image-preview:large","max-video-preview":"max-video-preview:-1"},"canonical":"https:\/\/mpu.rs\/en\/prague-quadrennial-of-stage-design-and-stage-space-2019-veljko-stojanovic\/","og_locale":"en_US","og_type":"article","og_title":"Prague Quadrennial of stage design and stage space 2019 - Veljko Stojanovi\u0107 - \u041c\u0443\u0437\u0435\u0458 \u043f\u0440\u0438\u043c\u0435\u045a\u0435\u043d\u0435 \u0443\u043c\u0435\u0442\u043d\u043e\u0441\u0442\u0438 \u0411\u0435\u043e\u0433\u0440\u0430\u0434","og_description":"[vc_row][vc_column][\/vc_column][\/vc_row]","og_url":"https:\/\/mpu.rs\/en\/prague-quadrennial-of-stage-design-and-stage-space-2019-veljko-stojanovic\/","og_site_name":"\u041c\u0443\u0437\u0435\u0458 \u043f\u0440\u0438\u043c\u0435\u045a\u0435\u043d\u0435 \u0443\u043c\u0435\u0442\u043d\u043e\u0441\u0442\u0438 \u0411\u0435\u043e\u0433\u0440\u0430\u0434","article_modified_time":"2019-06-04T08:09:16+00:00","twitter_card":"summary_large_image","twitter_misc":{"Est. reading time":"1 minute"},"schema":{"@context":"https:\/\/schema.org","@graph":[{"@type":"WebPage","@id":"https:\/\/mpu.rs\/en\/prague-quadrennial-of-stage-design-and-stage-space-2019-veljko-stojanovic\/","url":"https:\/\/mpu.rs\/en\/prague-quadrennial-of-stage-design-and-stage-space-2019-veljko-stojanovic\/","name":"Prague Quadrennial of stage design and stage space 2019 - Veljko Stojanovi\u0107 - \u041c\u0443\u0437\u0435\u0458 \u043f\u0440\u0438\u043c\u0435\u045a\u0435\u043d\u0435 \u0443\u043c\u0435\u0442\u043d\u043e\u0441\u0442\u0438 \u0411\u0435\u043e\u0433\u0440\u0430\u0434","isPartOf":{"@id":"https:\/\/mpu.rs\/#website"},"datePublished":"2019-06-03T21:41:04+00:00","dateModified":"2019-06-04T08:09:16+00:00","breadcrumb":{"@id":"https:\/\/mpu.rs\/en\/prague-quadrennial-of-stage-design-and-stage-space-2019-veljko-stojanovic\/#breadcrumb"},"inLanguage":"en-US","potentialAction":[{"@type":"ReadAction","target":["https:\/\/mpu.rs\/en\/prague-quadrennial-of-stage-design-and-stage-space-2019-veljko-stojanovic\/"]}]},{"@type":"BreadcrumbList","@id":"https:\/\/mpu.rs\/en\/prague-quadrennial-of-stage-design-and-stage-space-2019-veljko-stojanovic\/#breadcrumb","itemListElement":[{"@type":"ListItem","position":1,"name":"Home","item":"https:\/\/mpu.rs\/en\/"},{"@type":"ListItem","position":2,"name":"Prague Quadrennial of stage design and stage space 2019 &#8211; Veljko Stojanovi\u0107"}]},{"@type":"WebSite","@id":"https:\/\/mpu.rs\/#website","url":"https:\/\/mpu.rs\/","name":"\u041c\u0443\u0437\u0435\u0458 \u043f\u0440\u0438\u043c\u0435\u045a\u0435\u043d\u0435 \u0443\u043c\u0435\u0442\u043d\u043e\u0441\u0442\u0438 \u0411\u0435\u043e\u0433\u0440\u0430\u0434","description":"\u0423\u043c\u0435\u0442\u043d\u0438\u0447\u043a\u0438 \u043c\u0443\u0437\u0435\u0458 \u0441\u043f\u0435\u0446\u0438\u0458\u0430\u043b\u0438\u0437\u043e\u0432\u0430\u043d\u043e\u0433 \u0442\u0438\u043f\u0430. \u041e\u0441\u043d\u043e\u0432\u043d\u0430 \u0434\u0435\u043b\u0430\u0442\u043d\u043e\u0441\u0442 \u043c\u0443\u0437\u0435\u0458\u0430 \u0458\u0435 \u0434\u0430 \u0441\u0438\u0441\u0442\u0435\u043c\u0430\u0442\u0441\u043a\u0438 \u043f\u0440\u0438\u043a\u0443\u043f\u0459\u0430, \u0437\u0430\u0448\u0442\u0438\u045b\u0443\u0458\u0435, \u0447\u0443\u0432\u0430, \u043f\u0440\u043e\u0443\u0447\u0430\u0432\u0430, \u0438\u0437\u043b\u0430\u0436\u0435 \u0438 \u043f\u0443\u0431\u043b\u0438\u043a\u0443\u0458\u0435 \u043f\u0440\u0435\u0434\u043c\u0435\u0442\u0435 \u043f\u0440\u0438\u043c\u0435\u045a\u0435\u043d\u0435","potentialAction":[{"@type":"SearchAction","target":{"@type":"EntryPoint","urlTemplate":"https:\/\/mpu.rs\/?s={search_term_string}"},"query-input":"required name=search_term_string"}],"inLanguage":"en-US"}]}},"_links":{"self":[{"href":"https:\/\/mpu.rs\/en\/wp-json\/wp\/v2\/pages\/15605"}],"collection":[{"href":"https:\/\/mpu.rs\/en\/wp-json\/wp\/v2\/pages"}],"about":[{"href":"https:\/\/mpu.rs\/en\/wp-json\/wp\/v2\/types\/page"}],"author":[{"embeddable":true,"href":"https:\/\/mpu.rs\/en\/wp-json\/wp\/v2\/users\/2"}],"replies":[{"embeddable":true,"href":"https:\/\/mpu.rs\/en\/wp-json\/wp\/v2\/comments?post=15605"}],"version-history":[{"count":0,"href":"https:\/\/mpu.rs\/en\/wp-json\/wp\/v2\/pages\/15605\/revisions"}],"wp:attachment":[{"href":"https:\/\/mpu.rs\/en\/wp-json\/wp\/v2\/media?parent=15605"}],"curies":[{"name":"wp","href":"https:\/\/api.w.org\/{rel}","templated":true}]}}