{"id":20553,"date":"2022-05-05T13:46:16","date_gmt":"2022-05-05T11:46:16","guid":{"rendered":"https:\/\/mpu.rs\/?page_id=20553"},"modified":"2022-09-06T11:21:11","modified_gmt":"2022-09-06T09:21:11","slug":"triennial%d0%b5-di-milan%d0%be","status":"publish","type":"page","link":"https:\/\/mpu.rs\/en\/triennial%d0%b5-di-milan%d0%be\/","title":{"rendered":"Triennale di Milano"},"content":{"rendered":"<div class=\"wpb-content-wrapper\"><p>[vc_row][vc_column]<div class=\"cm_image\"><div class=\"content magnific_popup_69f708ea3b89d\"><a href=\"https:\/\/mpu.rs\/wp-content\/uploads\/2022\/06\/960x540.jpg\" title=\"\" data-caption=\"\"><img decoding=\"async\" src=\"https:\/\/mpu.rs\/wp-content\/uploads\/2022\/06\/960x540.jpg\" \/><\/a><\/div><\/div>    <script>\r\n        jQuery(document).ready(function ($) {\r\n            $('.magnific_popup_69f708ea3b89d').magnificPopup({\r\n                delegate: 'a',\r\n                type: 'image',\r\n                tLoading: 'Loading image #%curr%...',\r\n                gallery: {\r\n                    enabled: true,\r\n                    navigateByImgClick: true,\r\n                    preload: [0, 1] \/\/ Will preload 0 - before current, and 1 after the current image\r\n                },\r\n                image: {\r\n                    tError: 'Loading failed',\r\n                    titleSrc: function (item) {\r\n                        var title = '';\r\n                        if (item.el.attr('title')) {\r\n                            title = item.el.attr('title');\r\n                        }\r\n                        if (item.el.attr('data-caption')) {\r\n                            title += ' <small>' + item.el.attr('data-caption') + '<\/small>';\r\n                        }\r\n                        return title;\r\n                    }\r\n                }\r\n            });\r\n        });\r\n    <\/script>\r\n    [\/vc_column][\/vc_row][vc_row][vc_column css=&#8221;.vc_custom_1651748770313{margin-bottom: 40px !important;}&#8221;][vc_zigzag css=&#8221;.vc_custom_1651747151162{margin-bottom: 30px !important;}&#8221;]<div class=\"cm_text\"><strong>Essays:<\/strong><\/div>[\/vc_column][\/vc_row][vc_row][vc_column]<div class=\"cm_text\"><\/p>\n<h2><strong>23rd International Exhibition <\/strong><\/h2>\n<h2><strong>Triennale di Milano<br \/>\n<\/strong><strong>Republic of Serbia<\/strong><\/h2>\n<p><strong>INFINITY OF STRUCTURE<\/strong><\/p>\n<p><em>Instinct is something that transcends knowledge. We have, undoubtedly, certain finer fibers that enable us to perceive truths when logical deduction, or any other willful effort of the brain, is futile.<\/em><\/p>\n<p style=\"text-align: right;\"><em>Nikola Tesla<\/em><\/p>\n<p><em>Infinity of Structure<\/em>\u00a0is an anthropological vision of contemporary art that aims to explore the human relationship with the unknown through the innate need for the creation of symbols that transcend time.<\/p>\n<p>Through the microscopic approach of the authors, ornamental motifs from Serbian medieval fresco paintings overlap through various contemporary art media. Disguised in the rhythmic intersection of forms, sounds, lines, and dots we discover hidden structures behind the analog and digital. What is suppressed comes back, what is invisible finds its way through.<\/p>\n<p>Title: Infnity of Structure<br \/>\nAuthor: Ivan Mangov<br \/>\nArtists: Marko Ladju\u0161i\u0107, Aleksandar Vac<br \/>\nAnimation and AR: Marko Todorovi\u0107, Luka Tilinger<br \/>\nMusic: Dorian Jovanovi\u0107<\/p>\n<p>Comissioner: Biljana Joti\u0107<br \/>\nCurators: Biljana Joti\u0107, Nata\u0161a Radojevi\u0107<br \/>\nEssays: Domenico de Chirico, Biljana Joti\u0107, Nata\u0161a Radojevi\u0107<br \/>\nGraphic Design: Dejana Cvetkovi\u0107<br \/>\nExhibition Design: Ivan Mangov<\/p>\n<p>Implementer and organiser:<br \/>\nMuseum of Applied Art in Belgrade on behalf of the Ministry of Culture and Information, Republic of Serbia<\/p>\n<p><strong>Partners:<br \/>\n<\/strong>Drina Gallery, Logic Art Space, The 42 Media Society, Express Global, Adria Media, Mondo, Biograf Printing, Diplomacy&amp;Commerce, Italian Cultural Institute of Belgrade<\/p>\n<h2>Infinity of Structure<br \/>\nProject by Ivan Mangov<br \/>\nRepublic of Serbia<\/h2>\n<p>\u201cInfinity of Structure\u201d is an anthropological vision of contemporary art that explores human relationships with the unknown through the\u00a0innate need to create sacred symbols. These symbols allow us to go beyond the known or seen by linking concepts and experiences; they may carry multiple distinct meanings and expressions. These expressions do not have to be intentionally religious by themselves, but indirectly they still belong to human religion, since they are the outcome of the awareness of the infinite and the unknown.<\/p>\n<p>The author of the project, Ivan Mangov, takes us to the realm of symbols through the ornaments of Serbian medieval fresco paintings. Through their intellectual, cultural, and metaphysical meanings, medieval ornaments have outgrown the restricted area of visual arts, as they often become subject of scientific study. They are an artistic embodiment of cosmology, although many still remain undecoded.<\/p>\n<p>Using medieval ornaments as a starting point, a new reality is created through the introduction of layers of contemporary paintings. This parallel creative process is\u00a0informed by quantum physics, where any two excited particles can exist in superposition, thus creating a new reality. It is the simultaneous presence of matter and spirit in the pursuit of\u00a0universal laws that determine the human attitude towards the unknown\u00a0that surrounds us ad infinitum.<\/p>\n<p>Upon entering the dark exhibition space of the Serbian Pavilion, visitors will approach a 4.5 meter-high spatial monolith. As they come closer, they will discover that its structure is covered with layers of meticulously hand-painted matter. It is a complex, multi-layered work created by the sculptor and painter Marko La\u0111u\u0161ic, a densely packed symbolic system whose meanings remain open to interpretation and unarticulated. This monumental composition focuses on expanding structures &#8211; limitless mesh-systems that overlap with multiplied ornamental motifs from the Serbian medieval monastery\u00a0of\u00a0Hopovo. Layered coats of colors do not merge nor interact directly, but suggest the existence of a third dimension where the multiplication of microsystems can reappear and disappear into infinity.<\/p>\n<p>The side walls\u00a0of the Serbian Pavilion are covered with ceramic installations created by the artist Aleksandar Vac and placed in the upper zones, inviting a visitor to look up so as to find them in the\u00a0dark.\u00a0 Original music composed by Dorian Jovanovi\u0107 accompanies the setting, bringing a particular dynamic that combines irregular rhythm and ambient sound with the use of electronic instruments and acoustic processing.<\/p>\n<p>In the back zone, visitors will discover a large circular projection. While hand movements are captured by sensors, they\u00a0will be able to unveil the layers of the computer-generated world and dive into the depth of the structure. Created by visual artist Marko Todorovi\u0107, this motion-tracking installation, together with\u00a0the\u00a0augmented reality\u00a0application\u00a0that puts into motion the painted surfaces of the central monolith, acts as the symbolic, elusive spirit of the exhibition.<\/p>\n<p>Serbia&#8217;s project, \u201cInfinity of Structure\u201d, which will be showcased at the 23rd International Exhibition at the Triennale di Milano, resides between\u00a0two worlds, drawing its\u00a0elements from both of them. At these unstable borders, a connection is formed between the old and the new culture, urban and traditional aesthetics, rational and irrational, instinctive and intellectual. Repeated medieval motifs hidden in the lively rhythm of free structures, through the almost archeological, microscopic approach of the authors, overlap today and yesterday: what is suppressed comes back, and what is invisible finds its way through.<\/p>\n<p>Biljana Joti\u0107, Commissar and Curator<\/p>\n<p>Nata\u0161a Radojevi\u0107, Curator<\/div>[\/vc_column][\/vc_row][vc_row][vc_column css=&#8221;.vc_custom_1651748770313{margin-bottom: 40px !important;}&#8221;][vc_zigzag css=&#8221;.vc_custom_1651747151162{margin-bottom: 30px !important;}&#8221;]<div class=\"cm_text\"><strong>Texts:<\/strong><\/p>\n<p><\/div><div class=\"cm_text\"><a href=\"https:\/\/mpu.rs\/wp-content\/uploads\/2022\/07\/Brif-5000reci.lekt_.doc\" target=\"_blank\" class=\"button_icon pdf\">Infinity of structure[SR] &#8211; Biljana Joti\u0107<\/a><br \/>\n<a href=\"https:\/\/mpu.rs\/wp-content\/uploads\/2022\/07\/ENG.Brif-5000reci.pdf\" target=\"_blank\" class=\"button_icon pdf\">Infinity of structure[EN] &#8211; Biljana Joti\u0107 <\/a><br \/>\n<a href=\"https:\/\/mpu.rs\/wp-content\/uploads\/2022\/07\/Natasa-RAdojevic-tekst-srpski-.pdf\" target=\"_blank\" class=\"button_icon pdf\">Infinity of structure[SR] &#8211; Natasa Radojevic<\/a><br \/>\n<a href=\"https:\/\/mpu.rs\/wp-content\/uploads\/2022\/07\/Engleski-tekst-Natasa-Radojevicdocx.pdf\" target=\"_blank\" class=\"button_icon pdf\">Infinity of structure[EN] &#8211; Natasa Radojevic<\/a><br \/>\n<a href=\"https:\/\/mpu.rs\/wp-content\/uploads\/2022\/07\/Testo-Domenico-de-Chirico-OK.pdf\" target=\"_blank\" class=\"button_icon pdf\">Testo Domenico de Chirico<\/a><\/div>[\/vc_column][\/vc_row][vc_row][vc_column css=&#8221;.vc_custom_1651748770313{margin-bottom: 40px !important;}&#8221;][vc_zigzag css=&#8221;.vc_custom_1651747151162{margin-bottom: 30px !important;}&#8221;]<div class=\"cm_text\"><strong>Photos:<\/strong><\/div><div class=\"cm_text\"><\/p>\n\n\t\t<style type=\"text\/css\">\n\t\t\t#gallery-1 {\n\t\t\t\tmargin: auto;\n\t\t\t}\n\t\t\t#gallery-1 .gallery-item {\n\t\t\t\tfloat: left;\n\t\t\t\tmargin-top: 10px;\n\t\t\t\ttext-align: center;\n\t\t\t\twidth: 50%;\n\t\t\t}\n\t\t\t#gallery-1 img {\n\t\t\t\tborder: 2px solid #cfcfcf;\n\t\t\t}\n\t\t\t#gallery-1 .gallery-caption {\n\t\t\t\tmargin-left: 0;\n\t\t\t}\n\t\t\t\/* see gallery_shortcode() in wp-includes\/media.php *\/\n\t\t<\/style>\n\t\t<div id='gallery-1' class='gallery galleryid-20553 gallery-columns-2 gallery-size-medium'><dl class='gallery-item'>\n\t\t\t<dt class='gallery-icon landscape'>\n\t\t\t\t<a href='https:\/\/mpu.rs\/wp-content\/uploads\/2022\/07\/1.Marko-Ladjusic-installation-detail-1.jpg'><img loading=\"lazy\" decoding=\"async\" width=\"300\" height=\"195\" src=\"https:\/\/mpu.rs\/wp-content\/uploads\/2022\/07\/1.Marko-Ladjusic-installation-detail-1-300x195.jpg\" class=\"attachment-medium size-medium\" alt=\"\" aria-describedby=\"gallery-1-21114\" srcset=\"https:\/\/mpu.rs\/wp-content\/uploads\/2022\/07\/1.Marko-Ladjusic-installation-detail-1-300x195.jpg 300w, https:\/\/mpu.rs\/wp-content\/uploads\/2022\/07\/1.Marko-Ladjusic-installation-detail-1-1024x667.jpg 1024w, https:\/\/mpu.rs\/wp-content\/uploads\/2022\/07\/1.Marko-Ladjusic-installation-detail-1-768x500.jpg 768w, https:\/\/mpu.rs\/wp-content\/uploads\/2022\/07\/1.Marko-Ladjusic-installation-detail-1-1536x1001.jpg 1536w, https:\/\/mpu.rs\/wp-content\/uploads\/2022\/07\/1.Marko-Ladjusic-installation-detail-1.jpg 2000w\" sizes=\"(max-width: 300px) 100vw, 300px\" \/><\/a>\n\t\t\t<\/dt>\n\t\t\t\t<dd class='wp-caption-text gallery-caption' id='gallery-1-21114'>\n\t\t\t\tMarko Ladjusic, installation detail, 2022 \n<br>\nPh. credit: Nemanja Mara\u0161\n\t\t\t\t<\/dd><\/dl><dl class='gallery-item'>\n\t\t\t<dt class='gallery-icon landscape'>\n\t\t\t\t<a href='https:\/\/mpu.rs\/wp-content\/uploads\/2022\/07\/5.-Ornaments-of-Serbian-medieval-monastery-Hopovo.-Courtesy-of-the-Museum-of-Applied-Arts-in-Belgrade-jpeg-1.jpeg'><img loading=\"lazy\" decoding=\"async\" width=\"300\" height=\"240\" src=\"https:\/\/mpu.rs\/wp-content\/uploads\/2022\/07\/5.-Ornaments-of-Serbian-medieval-monastery-Hopovo.-Courtesy-of-the-Museum-of-Applied-Arts-in-Belgrade-jpeg-1-300x240.jpeg\" class=\"attachment-medium size-medium\" alt=\"\" aria-describedby=\"gallery-1-21116\" srcset=\"https:\/\/mpu.rs\/wp-content\/uploads\/2022\/07\/5.-Ornaments-of-Serbian-medieval-monastery-Hopovo.-Courtesy-of-the-Museum-of-Applied-Arts-in-Belgrade-jpeg-1-300x240.jpeg 300w, https:\/\/mpu.rs\/wp-content\/uploads\/2022\/07\/5.-Ornaments-of-Serbian-medieval-monastery-Hopovo.-Courtesy-of-the-Museum-of-Applied-Arts-in-Belgrade-jpeg-1-1024x819.jpeg 1024w, https:\/\/mpu.rs\/wp-content\/uploads\/2022\/07\/5.-Ornaments-of-Serbian-medieval-monastery-Hopovo.-Courtesy-of-the-Museum-of-Applied-Arts-in-Belgrade-jpeg-1-768x614.jpeg 768w, https:\/\/mpu.rs\/wp-content\/uploads\/2022\/07\/5.-Ornaments-of-Serbian-medieval-monastery-Hopovo.-Courtesy-of-the-Museum-of-Applied-Arts-in-Belgrade-jpeg-1.jpeg 1500w\" sizes=\"(max-width: 300px) 100vw, 300px\" \/><\/a>\n\t\t\t<\/dt>\n\t\t\t\t<dd class='wp-caption-text gallery-caption' id='gallery-1-21116'>\n\t\t\t\tOrnaments of Serbian medieval monastery Hopovo. Courtesy of the Museum of Applied Arts in Belgrade\n<br>\nLjubazno\u0161\u0107u MPU\n\t\t\t\t<\/dd><\/dl><br style=\"clear: both\" \/><dl class='gallery-item'>\n\t\t\t<dt class='gallery-icon portrait'>\n\t\t\t\t<a href='https:\/\/mpu.rs\/wp-content\/uploads\/2022\/07\/2.-Aleksandar-Vac-wall-installation-detail-smoke-fired-ceramics-2022-1-1.jpg'><img loading=\"lazy\" decoding=\"async\" width=\"292\" height=\"300\" src=\"https:\/\/mpu.rs\/wp-content\/uploads\/2022\/07\/2.-Aleksandar-Vac-wall-installation-detail-smoke-fired-ceramics-2022-1-1-292x300.jpg\" class=\"attachment-medium size-medium\" alt=\"\" aria-describedby=\"gallery-1-21118\" srcset=\"https:\/\/mpu.rs\/wp-content\/uploads\/2022\/07\/2.-Aleksandar-Vac-wall-installation-detail-smoke-fired-ceramics-2022-1-1-292x300.jpg 292w, https:\/\/mpu.rs\/wp-content\/uploads\/2022\/07\/2.-Aleksandar-Vac-wall-installation-detail-smoke-fired-ceramics-2022-1-1-998x1024.jpg 998w, https:\/\/mpu.rs\/wp-content\/uploads\/2022\/07\/2.-Aleksandar-Vac-wall-installation-detail-smoke-fired-ceramics-2022-1-1-768x788.jpg 768w, https:\/\/mpu.rs\/wp-content\/uploads\/2022\/07\/2.-Aleksandar-Vac-wall-installation-detail-smoke-fired-ceramics-2022-1-1-1496x1536.jpg 1496w, https:\/\/mpu.rs\/wp-content\/uploads\/2022\/07\/2.-Aleksandar-Vac-wall-installation-detail-smoke-fired-ceramics-2022-1-1-1995x2048.jpg 1995w, https:\/\/mpu.rs\/wp-content\/uploads\/2022\/07\/2.-Aleksandar-Vac-wall-installation-detail-smoke-fired-ceramics-2022-1-1.jpg 2000w\" sizes=\"(max-width: 292px) 100vw, 292px\" \/><\/a>\n\t\t\t<\/dt>\n\t\t\t\t<dd class='wp-caption-text gallery-caption' id='gallery-1-21118'>\n\t\t\t\tAleksandar Vac, wall installation detail, smoke fired ceramics,  2022  \n<br>\nPh. credit: Nemanja Mara\u0161\n\t\t\t\t<\/dd><\/dl><dl class='gallery-item'>\n\t\t\t<dt class='gallery-icon landscape'>\n\t\t\t\t<a href='https:\/\/mpu.rs\/wp-content\/uploads\/2022\/07\/3.-Aleksandar-Vac-wall-installation-detail-smoke-fired-ceramics-2022-1-1.jpg'><img loading=\"lazy\" decoding=\"async\" width=\"300\" height=\"300\" src=\"https:\/\/mpu.rs\/wp-content\/uploads\/2022\/07\/3.-Aleksandar-Vac-wall-installation-detail-smoke-fired-ceramics-2022-1-1-300x300.jpg\" class=\"attachment-medium size-medium\" alt=\"\" aria-describedby=\"gallery-1-21112\" srcset=\"https:\/\/mpu.rs\/wp-content\/uploads\/2022\/07\/3.-Aleksandar-Vac-wall-installation-detail-smoke-fired-ceramics-2022-1-1-300x300.jpg 300w, https:\/\/mpu.rs\/wp-content\/uploads\/2022\/07\/3.-Aleksandar-Vac-wall-installation-detail-smoke-fired-ceramics-2022-1-1-1024x1024.jpg 1024w, https:\/\/mpu.rs\/wp-content\/uploads\/2022\/07\/3.-Aleksandar-Vac-wall-installation-detail-smoke-fired-ceramics-2022-1-1-150x150.jpg 150w, https:\/\/mpu.rs\/wp-content\/uploads\/2022\/07\/3.-Aleksandar-Vac-wall-installation-detail-smoke-fired-ceramics-2022-1-1-768x768.jpg 768w, https:\/\/mpu.rs\/wp-content\/uploads\/2022\/07\/3.-Aleksandar-Vac-wall-installation-detail-smoke-fired-ceramics-2022-1-1-1536x1536.jpg 1536w, https:\/\/mpu.rs\/wp-content\/uploads\/2022\/07\/3.-Aleksandar-Vac-wall-installation-detail-smoke-fired-ceramics-2022-1-1.jpg 2000w\" sizes=\"(max-width: 300px) 100vw, 300px\" \/><\/a>\n\t\t\t<\/dt>\n\t\t\t\t<dd class='wp-caption-text gallery-caption' id='gallery-1-21112'>\n\t\t\t\tAleksandar Vac, wall installation detail, smoke fired ceramics,  2022  \n<br>\nPh. credit: Nemanja Mara\u0161\n\t\t\t\t<\/dd><\/dl><br style=\"clear: both\" \/><dl class='gallery-item'>\n\t\t\t<dt class='gallery-icon landscape'>\n\t\t\t\t<a href='https:\/\/mpu.rs\/wp-content\/uploads\/2022\/07\/4.-Augmented-Reality-expansion-of-Marko-Ladjusics-installation-2022-jpg-1.jpg'><img loading=\"lazy\" decoding=\"async\" width=\"300\" height=\"168\" src=\"https:\/\/mpu.rs\/wp-content\/uploads\/2022\/07\/4.-Augmented-Reality-expansion-of-Marko-Ladjusics-installation-2022-jpg-1-300x168.jpg\" class=\"attachment-medium size-medium\" alt=\"\" aria-describedby=\"gallery-1-21110\" srcset=\"https:\/\/mpu.rs\/wp-content\/uploads\/2022\/07\/4.-Augmented-Reality-expansion-of-Marko-Ladjusics-installation-2022-jpg-1-300x168.jpg 300w, https:\/\/mpu.rs\/wp-content\/uploads\/2022\/07\/4.-Augmented-Reality-expansion-of-Marko-Ladjusics-installation-2022-jpg-1-1024x575.jpg 1024w, https:\/\/mpu.rs\/wp-content\/uploads\/2022\/07\/4.-Augmented-Reality-expansion-of-Marko-Ladjusics-installation-2022-jpg-1-768x431.jpg 768w, https:\/\/mpu.rs\/wp-content\/uploads\/2022\/07\/4.-Augmented-Reality-expansion-of-Marko-Ladjusics-installation-2022-jpg-1-1536x862.jpg 1536w, https:\/\/mpu.rs\/wp-content\/uploads\/2022\/07\/4.-Augmented-Reality-expansion-of-Marko-Ladjusics-installation-2022-jpg-1.jpg 2000w\" sizes=\"(max-width: 300px) 100vw, 300px\" \/><\/a>\n\t\t\t<\/dt>\n\t\t\t\t<dd class='wp-caption-text gallery-caption' id='gallery-1-21110'>\n\t\t\t\tAugmented Reality expansion of Marko Ladjusic\u2019s installation, detail, 2022 \n<br>\nPh. credit: Luka Tilinger\n\t\t\t\t<\/dd><\/dl><dl class='gallery-item'>\n\t\t\t<dt class='gallery-icon landscape'>\n\t\t\t\t<a href='https:\/\/mpu.rs\/wp-content\/uploads\/2022\/07\/6.-Infinity-of-Structure-visual-1.jpg'><img loading=\"lazy\" decoding=\"async\" width=\"300\" height=\"169\" src=\"https:\/\/mpu.rs\/wp-content\/uploads\/2022\/07\/6.-Infinity-of-Structure-visual-1-300x169.jpg\" class=\"attachment-medium size-medium\" alt=\"\" aria-describedby=\"gallery-1-21120\" srcset=\"https:\/\/mpu.rs\/wp-content\/uploads\/2022\/07\/6.-Infinity-of-Structure-visual-1-300x169.jpg 300w, https:\/\/mpu.rs\/wp-content\/uploads\/2022\/07\/6.-Infinity-of-Structure-visual-1-768x432.jpg 768w, https:\/\/mpu.rs\/wp-content\/uploads\/2022\/07\/6.-Infinity-of-Structure-visual-1.jpg 960w\" sizes=\"(max-width: 300px) 100vw, 300px\" \/><\/a>\n\t\t\t<\/dt>\n\t\t\t\t<dd class='wp-caption-text gallery-caption' id='gallery-1-21120'>\n\t\t\t\tInfinity of Structure, visual, 2022\n<br>\nCourtesy of Ivan Mangov\n\t\t\t\t<\/dd><\/dl><br style=\"clear: both\" \/>\n\t\t<\/div>\n\n<p><\/div>[\/vc_column][\/vc_row][vc_row][vc_column css=&#8221;.vc_custom_1651748770313{margin-bottom: 40px !important;}&#8221;][vc_zigzag css=&#8221;.vc_custom_1651747151162{margin-bottom: 30px !important;}&#8221;]<div class=\"cm_text\"><strong>Press kit:<\/strong><\/p>\n<p><\/div><div class=\"cm_text\"><strong>You can download the PRESS KIT as zip file in Serbian, English and Italian:<\/strong><\/p>\n<p><a href=\"https:\/\/drive.google.com\/drive\/folders\/15tEHoK_gFxD9lu0dK6XvbovJOYeYzqJR\" target=\"_blank\" class=\"button_icon zip\">PRESS KIT<\/a><\/div>[\/vc_column][\/vc_row][vc_row][vc_column css=&#8221;.vc_custom_1651748770313{margin-bottom: 40px !important;}&#8221;][vc_zigzag css=&#8221;.vc_custom_1651747151162{margin-bottom: 30px !important;}&#8221;]<div class=\"cm_text\"><strong>Press:<\/strong><\/div>[\/vc_column][\/vc_row][vc_row][vc_column width=&#8221;1\/6&#8243;]<div class=\"cm_text\"><a href=\"https:\/\/www.artribune.com\/?s=Infinity+of+Structure#\"><img loading=\"lazy\" decoding=\"async\" class=\"alignnone size-thumbnail wp-image-21404\" src=\"https:\/\/mpu.rs\/wp-content\/uploads\/2022\/09\/90705_SRB_TRIENNALE2-324x235-1-150x150.jpg\" alt=\"\" width=\"150\" height=\"150\" \/><\/a><\/div>[\/vc_column][vc_column width=&#8221;5\/6&#8243;]<div class=\"cm_text\"><\/p>\n<h2><a href=\"https:\/\/www.artribune.com\/?s=Infinity+of+Structure#\">Infinity of Structure &#8211; risultati della ricerca<\/a><\/h2>\n<p><\/div>[\/vc_column][\/vc_row][vc_row][vc_column width=&#8221;1\/6&#8243;]<div class=\"cm_text\"><img loading=\"lazy\" decoding=\"async\" class=\"alignnone size-thumbnail wp-image-21180\" src=\"https:\/\/mpu.rs\/wp-content\/uploads\/2022\/07\/1656945568-4.-Augmented-Reality-expansion-of-Marko-Ladjusics-installation-2022-jpg-1536x862-1-150x150.jpg\" alt=\"\" width=\"150\" height=\"150\" \/><\/div>[\/vc_column][vc_column width=&#8221;5\/6&#8243;]<div class=\"cm_text\"><\/p>\n<h2><a href=\"https:\/\/nova.rs\/kultura\/trijenale-u-milanu-ivan-mangov\/\">Projekat Ivana Mangova: Srbija na Trijenalu u Milanu od 15. jula<\/a><\/h2>\n<p><\/div>[\/vc_column][\/vc_row][vc_row][vc_column width=&#8221;1\/6&#8243;]<div class=\"cm_text\"><img loading=\"lazy\" decoding=\"async\" class=\"alignnone size-thumbnail wp-image-21178\" src=\"https:\/\/mpu.rs\/wp-content\/uploads\/2022\/07\/960x540-150x150.jpeg\" alt=\"\" width=\"150\" height=\"150\" \/><\/div>[\/vc_column][vc_column width=&#8221;5\/6&#8243;]<div class=\"cm_text\"><\/p>\n<h2><a href=\"https:\/\/www.nedeljnik.rs\/23-medunarodna-izlozba-trijenala-u-milanu-projekat-infinity-of-structure-predstavlja-prvi-put-republiku-srbiju-na-ovoj-manifestaciji\/\">23. Me\u0111unarodna izlo\u017eba Trijenala u Milanu \u2013 Projekat Infinity Of Structure predstavlja prvi put Republiku Srbiju na ovoj manifestaciji<\/a><\/h2>\n<p><\/div>[\/vc_column][\/vc_row][vc_row][vc_column width=&#8221;1\/6&#8243;]<div class=\"cm_text\"><a href=\"http:\/\/https:\/\/triennale.org\/eventi\/serbia-linfinito-della-struttura\"><img loading=\"lazy\" decoding=\"async\" class=\"alignnone size-thumbnail wp-image-20972\" src=\"https:\/\/mpu.rs\/wp-content\/uploads\/2022\/06\/6cb4a8b7-76c5-462d-af84-a356378c-150x150.jpeg\" alt=\"\" width=\"150\" height=\"150\" \/><\/a><\/div>[\/vc_column][vc_column width=&#8221;5\/6&#8243;]<div class=\"cm_text\"><\/p>\n<h2><a href=\"https:\/\/triennale.org\/eventi\/serbia-linfinito-della-struttura\">MOSTRA Serbia | L\u2019infinito della struttura | 15 luglio \u2013 11 dicembre 2022<\/a><\/h2>\n<p><\/div>[\/vc_column][\/vc_row][vc_row][vc_column width=&#8221;1\/6&#8243;]<div class=\"cm_text\"><a href=\"https:\/\/triennale.org\/eventi\/unknown-unknowns\"><img loading=\"lazy\" decoding=\"async\" class=\"alignnone size-thumbnail wp-image-20965\" src=\"https:\/\/mpu.rs\/wp-content\/uploads\/2022\/06\/5dc4383b-64d3-4b63-ba16-68a6dd00-150x150.jpeg\" alt=\"\" width=\"150\" height=\"150\" \/><\/a><\/div>[\/vc_column][vc_column width=&#8221;5\/6&#8243;]<div class=\"cm_text\"><\/p>\n<h2><a href=\"https:\/\/triennale.org\/eventi\/unknown-unknowns\">MOSTRA | Unknown Unknowns | 15 luglio \u2013 11 dicembre 2022<\/a><\/h2>\n<p><\/div>[\/vc_column][\/vc_row][vc_row][vc_column width=&#8221;1\/6&#8243;]<div class=\"cm_text\"><img loading=\"lazy\" decoding=\"async\" class=\"alignnone wp-image-20511 size-thumbnail\" src=\"https:\/\/mpu.rs\/wp-content\/uploads\/2022\/05\/trijanale_cover-150x150.jpg\" alt=\"\" width=\"150\" height=\"150\" \/><\/div>[\/vc_column][vc_column width=&#8221;5\/6&#8243;]<div class=\"cm_text\"><\/p>\n<h2 class=\"entry-title s-post-title bb-mb-el\"><a href=\"https:\/\/kulturnikisobran.com\/trijenale-u-milanu-2022-godine-prvi-put-ima-predstavnike-iz-srbije\/\">Trijenale u Milanu 2022. godine prvi put ima predstavnike iz Srbije<\/a><\/h2>\n<p><\/div>[\/vc_column][\/vc_row][vc_row][vc_column width=&#8221;1\/6&#8243; css=&#8221;.vc_custom_1651747695613{margin-right: 20px !important;padding-right: 20px !important;}&#8221;]<div class=\"cm_text\"><img loading=\"lazy\" decoding=\"async\" class=\"alignnone wp-image-20511 size-thumbnail\" src=\"https:\/\/mpu.rs\/wp-content\/uploads\/2022\/05\/trijanale_cover-150x150.jpg\" alt=\"\" width=\"150\" height=\"150\" \/><\/div>[\/vc_column][vc_column width=&#8221;5\/6&#8243;]<div class=\"cm_text\"><\/p>\n<h2 class=\"entry-title\"><a href=\"https:\/\/nova.rs\/kultura\/projekat-ivana-mangova-predstavlja-srbiju-na-trijenalu-u-milanu\/\">Projekat Ivana Mangova predstavlja Srbiju na Trijenalu u Milanu<\/a><\/h2>\n<p><\/div>[\/vc_column][\/vc_row][vc_row][vc_column width=&#8221;1\/6&#8243; css=&#8221;.vc_custom_1651747695613{margin-right: 20px !important;padding-right: 20px !important;}&#8221;]<div class=\"cm_text\"><img loading=\"lazy\" decoding=\"async\" class=\"alignnone size-thumbnail wp-image-21056\" src=\"https:\/\/mpu.rs\/wp-content\/uploads\/2022\/07\/MPU-Rebranding-BGL-Recovered-4-1-150x150.jpg\" alt=\"\" width=\"150\" height=\"150\" \/><\/div>[\/vc_column][vc_column width=&#8221;5\/6&#8243;]<div class=\"cm_text\"><\/p>\n<h2><a href=\"http:\/\/www.seecult.org\/konkurs\/konkurs-za-predstavljanje-srbije-na-23-trijenalu-u-milanu-2022\">Konkurs za predstavljanje Srbije na 23. Trijenalu u Milanu 2022.<\/a><\/h2>\n<p><\/div>[\/vc_column][\/vc_row][vc_row][vc_column width=&#8221;1\/6&#8243; css=&#8221;.vc_custom_1651747695613{margin-right: 20px !important;padding-right: 20px !important;}&#8221;]<div class=\"cm_text\"><img loading=\"lazy\" decoding=\"async\" class=\"alignnone size-thumbnail wp-image-20511\" src=\"https:\/\/mpu.rs\/wp-content\/uploads\/2022\/05\/trijanale_cover-150x150.jpg\" alt=\"\" width=\"150\" height=\"150\" \/><\/div>[\/vc_column][vc_column width=&#8221;5\/6&#8243;]<div class=\"cm_text\"><\/p>\n<h2><a href=\"https:\/\/naslovi.net\/2021-12-24\/buro\/trijenale-u-milanu-prvi-put-ima-predstavnike-iz-srbije\/29600978\">Trijenale u Milanu prvi put ima predstavnike iz Srbije<\/a><\/h2>\n<p><\/div>[\/vc_column][\/vc_row][vc_row][vc_column width=&#8221;1\/6&#8243; css=&#8221;.vc_custom_1651747695613{margin-right: 20px !important;padding-right: 20px !important;}&#8221;]<div class=\"cm_text\"><img loading=\"lazy\" decoding=\"async\" class=\"alignnone size-thumbnail wp-image-20526\" src=\"https:\/\/mpu.rs\/wp-content\/uploads\/2022\/05\/23-150x150.jpg\" alt=\"\" width=\"150\" height=\"150\" \/><\/div>[\/vc_column][vc_column width=&#8221;5\/6&#8243;]<div class=\"cm_text\"><\/p>\n<h2 class=\"news-title mb-3 order-2 h2 pb-3 pt-3\"><a href=\"https:\/\/www.novosti.rs\/kultura\/vesti\/1066574\/predstavnik-srbije-medjunarodnom-trjenalu-milanu-jednoglasno-izabrana-beskonacnost-strukture\">PREDSTAVNIK SRBIJE NA ME\u0110UNARODNOM TRJENALU U MILANU: Jednoglasno izabrana &#8220;Beskona\u010dnost strukture&#8221;<\/a><\/h2>\n<p><\/div>[\/vc_column][\/vc_row][vc_row][vc_column width=&#8221;1\/6&#8243; css=&#8221;.vc_custom_1651747695613{margin-right: 20px !important;padding-right: 20px !important;}&#8221;]<div class=\"cm_text\"><img loading=\"lazy\" decoding=\"async\" class=\"alignnone size-thumbnail wp-image-20530\" src=\"https:\/\/mpu.rs\/wp-content\/uploads\/2022\/05\/bijenale-150x150.jpg\" alt=\"\" width=\"150\" height=\"150\" srcset=\"https:\/\/mpu.rs\/wp-content\/uploads\/2022\/05\/bijenale-150x150.jpg 150w, https:\/\/mpu.rs\/wp-content\/uploads\/2022\/05\/bijenale-300x300.jpg 300w, https:\/\/mpu.rs\/wp-content\/uploads\/2022\/05\/bijenale.jpg 700w\" sizes=\"(max-width: 150px) 100vw, 150px\" \/><\/div>[\/vc_column][vc_column width=&#8221;5\/6&#8243;]<div class=\"cm_text\"><\/p>\n<h2 id=\"newsTitle\"><a href=\"https:\/\/www.rtv.rs\/sr_lat\/kultura\/projekat-infinity-of-structure%E2%80%9C-predstavlja-srbiju-na-izlozbi-trijenala-u-milanu_1297710.html\">Projekat &#8220;Infinity of Structure\u201c predstavlja Srbiju na izlo\u017ebi Trijenala u Milanu<\/a><\/h2>\n<p><\/div>[\/vc_column][\/vc_row][vc_row][vc_column width=&#8221;1\/6&#8243; css=&#8221;.vc_custom_1651747695613{margin-right: 20px !important;padding-right: 20px !important;}&#8221;]<div class=\"cm_text\"><img loading=\"lazy\" decoding=\"async\" class=\"alignnone size-thumbnail wp-image-20533\" src=\"https:\/\/mpu.rs\/wp-content\/uploads\/2022\/05\/Triennale-e1640278627984-1-150x150.jpg\" alt=\"\" width=\"150\" height=\"150\" \/><\/div>[\/vc_column][vc_column width=&#8221;5\/6&#8243;]<div class=\"cm_text\"><\/p>\n<h2 class=\"entry-title\"><a href=\"https:\/\/www.diplomacyandcommerce.rs\/unknown-unknowns-an-introduction-to-mysteries\/?fbclid=IwAR1eIgceOnTYDSPTaZIiGXfiBjTWgCavhao6ej809F9LXVvn9uTVJEynlcw\">Unknown Unknowns. An Introduction to Mysteries<\/a><\/h2>\n<p><\/div>[\/vc_column][\/vc_row][vc_row][vc_column width=&#8221;1\/6&#8243; css=&#8221;.vc_custom_1651747695613{margin-right: 20px !important;padding-right: 20px !important;}&#8221;]<div class=\"cm_text\"><img loading=\"lazy\" decoding=\"async\" class=\"alignnone size-thumbnail wp-image-20530\" src=\"https:\/\/mpu.rs\/wp-content\/uploads\/2022\/05\/bijenale-150x150.jpg\" alt=\"\" width=\"150\" height=\"150\" srcset=\"https:\/\/mpu.rs\/wp-content\/uploads\/2022\/05\/bijenale-150x150.jpg 150w, https:\/\/mpu.rs\/wp-content\/uploads\/2022\/05\/bijenale-300x300.jpg 300w, https:\/\/mpu.rs\/wp-content\/uploads\/2022\/05\/bijenale.jpg 700w\" sizes=\"(max-width: 150px) 100vw, 150px\" \/><\/div>[\/vc_column][vc_column width=&#8221;5\/6&#8243;]<div class=\"cm_text\"><\/p>\n<h2><a href=\"https:\/\/www.izlazak.com\/vizuelna-umetnost\/25254-trijenale-u-milanu-2022-prvi-put-ima-predstavnike-iz-srbije\">Trijenale u Milanu 2022. prvi put ima predstavnike iz Srbije<\/a><\/h2>\n<p><\/div>[\/vc_column][\/vc_row][vc_row][vc_column width=&#8221;1\/6&#8243; css=&#8221;.vc_custom_1651747695613{margin-right: 20px !important;padding-right: 20px !important;}&#8221;]<div class=\"cm_text\"><img loading=\"lazy\" decoding=\"async\" class=\"alignnone size-thumbnail wp-image-20530\" src=\"https:\/\/mpu.rs\/wp-content\/uploads\/2022\/05\/bijenale-150x150.jpg\" alt=\"\" width=\"150\" height=\"150\" srcset=\"https:\/\/mpu.rs\/wp-content\/uploads\/2022\/05\/bijenale-150x150.jpg 150w, https:\/\/mpu.rs\/wp-content\/uploads\/2022\/05\/bijenale-300x300.jpg 300w, https:\/\/mpu.rs\/wp-content\/uploads\/2022\/05\/bijenale.jpg 700w\" sizes=\"(max-width: 150px) 100vw, 150px\" \/><\/div>[\/vc_column][vc_column width=&#8221;5\/6&#8243;]<div class=\"cm_text\"><\/p>\n<h2 class=\"elementor-heading-title elementor-size-default\"><a href=\"https:\/\/www.rebelgrade.com\/kultura\/trijenale-u-milanu-prvi-put-ima-predstavnike-iz-srbije\/\">Trijenale u Milanu prvi put ima predstavnike iz Srbije<\/a><\/h2>\n<p><\/div>[\/vc_column][\/vc_row][vc_row][vc_column][vc_zigzag css=&#8221;.vc_custom_1651747151162{margin-bottom: 30px !important;}&#8221;]<div class=\"cm_text\"><strong>Links:<\/strong><\/div>[\/vc_column][\/vc_row][vc_row][vc_column width=&#8221;1\/4&#8243; css=&#8221;.vc_custom_1651747695613{margin-right: 20px !important;padding-right: 20px !important;}&#8221;]<div class=\"cm_text\"><\/p>\n<h2><a href=\"https:\/\/mpu.rs\/dogadjaji\/javni-konkurs-za-trijenale-u-milanu\/\"><img loading=\"lazy\" decoding=\"async\" class=\"alignnone wp-image-20498 size-medium\" src=\"https:\/\/mpu.rs\/wp-content\/uploads\/2022\/05\/konkurs-23-trijenale-milano-featured-960x540-1-300x169.jpg\" alt=\"\" width=\"300\" height=\"169\" srcset=\"https:\/\/mpu.rs\/wp-content\/uploads\/2022\/05\/konkurs-23-trijenale-milano-featured-960x540-1-300x169.jpg 300w, https:\/\/mpu.rs\/wp-content\/uploads\/2022\/05\/konkurs-23-trijenale-milano-featured-960x540-1-768x432.jpg 768w, https:\/\/mpu.rs\/wp-content\/uploads\/2022\/05\/konkurs-23-trijenale-milano-featured-960x540-1.jpg 960w\" sizes=\"(max-width: 300px) 100vw, 300px\" \/><\/a><\/h2>\n<p><\/div>[\/vc_column][vc_column width=&#8221;3\/4&#8243; css=&#8221;.vc_custom_1651748581532{padding-left: 30px !important;}&#8221;]<div class=\"cm_text\"><\/p>\n<h2><a href=\"https:\/\/mpu.rs\/dogadjaji\/javni-konkurs-za-trijenale-u-milanu\/\">Public competition<\/a><br \/>\n<a href=\"https:\/\/mpu.rs\/dogadjaji\/javni-konkurs-za-trijenale-u-milanu\/\">FOR THE REPRESENTATION OF THE REPUBLIC OF SERBIA AT THE INTERNATIONAL EXHIBITIONXXIII Triennale Milano International Exhibition: \u201cUnknown Unknowns. An Introduction to Mysteries\u201d.<\/a><\/h2>\n<p><\/div>[\/vc_column][\/vc_row][vc_row][vc_column width=&#8221;1\/4&#8243;]<div class=\"cm_text\"><\/p>\n<h2><a href=\"https:\/\/mpu.rs\/dogadjaji\/rezultati-javnog-konkursa-za-predstavljanje-republike-srbije-na-medjunarodnoj-izlozbi-xxiii-triennale-milano-international-exhibition-unknown-unknowns-an-introduction-to-mysteries\/\"><img loading=\"lazy\" decoding=\"async\" class=\"alignnone wp-image-20498 size-medium\" src=\"https:\/\/mpu.rs\/wp-content\/uploads\/2022\/05\/konkurs-23-trijenale-milano-featured-960x540-1-300x169.jpg\" alt=\"\" width=\"300\" height=\"169\" srcset=\"https:\/\/mpu.rs\/wp-content\/uploads\/2022\/05\/konkurs-23-trijenale-milano-featured-960x540-1-300x169.jpg 300w, https:\/\/mpu.rs\/wp-content\/uploads\/2022\/05\/konkurs-23-trijenale-milano-featured-960x540-1-768x432.jpg 768w, https:\/\/mpu.rs\/wp-content\/uploads\/2022\/05\/konkurs-23-trijenale-milano-featured-960x540-1.jpg 960w\" sizes=\"(max-width: 300px) 100vw, 300px\" \/><\/a><\/h2>\n<p><\/div>[\/vc_column][vc_column width=&#8221;3\/4&#8243; css=&#8221;.vc_custom_1651748576439{padding-left: 30px !important;}&#8221;]<div class=\"cm_text\"><\/p>\n<h2><a href=\"https:\/\/mpu.rs\/dogadjaji\/rezultati-javnog-konkursa-za-predstavljanje-republike-srbije-na-medjunarodnoj-izlozbi-xxiii-triennale-milano-international-exhibition-unknown-unknowns-an-introduction-to-mysteries\/\">Results of the public competition for the representation of the Republic of Serbia at the XXIII Triennale Milano International Exhibition &#8220;Unknown Unknowns. An Introduction to Mysteries\u201d.<\/a><\/h2>\n<p><\/div>[\/vc_column][\/vc_row]<\/p>\n<\/div>","protected":false},"excerpt":{"rendered":"<p>[vc_row][vc_column][\/vc_column][\/vc_row][vc_row][vc_column css=&#8221;.vc_custom_1651748770313{margin-bottom: 40px !important;}&#8221;][vc_zigzag css=&#8221;.vc_custom_1651747151162{margin-bottom: 30px !important;}&#8221;][\/vc_column][\/vc_row][vc_row][vc_column][\/vc_column][\/vc_row][vc_row][vc_column css=&#8221;.vc_custom_1651748770313{margin-bottom: 40px !important;}&#8221;][vc_zigzag css=&#8221;.vc_custom_1651747151162{margin-bottom: 30px !important;}&#8221;][\/vc_column][\/vc_row][vc_row][vc_column css=&#8221;.vc_custom_1651748770313{margin-bottom: 40px !important;}&#8221;][vc_zigzag css=&#8221;.vc_custom_1651747151162{margin-bottom: 30px !important;}&#8221;][\/vc_column][\/vc_row][vc_row][vc_column css=&#8221;.vc_custom_1651748770313{margin-bottom: 40px !important;}&#8221;][vc_zigzag css=&#8221;.vc_custom_1651747151162{margin-bottom: 30px !important;}&#8221;][\/vc_column][\/vc_row][vc_row][vc_column css=&#8221;.vc_custom_1651748770313{margin-bottom: 40px !important;}&#8221;][vc_zigzag css=&#8221;.vc_custom_1651747151162{margin-bottom: 30px !important;}&#8221;][\/vc_column][\/vc_row][vc_row][vc_column width=&#8221;1\/6&#8243;][\/vc_column][vc_column width=&#8221;5\/6&#8243;][\/vc_column][\/vc_row][vc_row][vc_column width=&#8221;1\/6&#8243;][\/vc_column][vc_column width=&#8221;5\/6&#8243;][\/vc_column][\/vc_row][vc_row][vc_column width=&#8221;1\/6&#8243;][\/vc_column][vc_column width=&#8221;5\/6&#8243;][\/vc_column][\/vc_row][vc_row][vc_column width=&#8221;1\/6&#8243;][\/vc_column][vc_column width=&#8221;5\/6&#8243;][\/vc_column][\/vc_row][vc_row][vc_column width=&#8221;1\/6&#8243;][\/vc_column][vc_column width=&#8221;5\/6&#8243;][\/vc_column][\/vc_row][vc_row][vc_column width=&#8221;1\/6&#8243;][\/vc_column][vc_column width=&#8221;5\/6&#8243;][\/vc_column][\/vc_row][vc_row][vc_column width=&#8221;1\/6&#8243; css=&#8221;.vc_custom_1651747695613{margin-right: 20px !important;padding-right: 20px !important;}&#8221;][\/vc_column][vc_column width=&#8221;5\/6&#8243;][\/vc_column][\/vc_row][vc_row][vc_column width=&#8221;1\/6&#8243; css=&#8221;.vc_custom_1651747695613{margin-right: 20px !important;padding-right: 20px [&hellip;]<\/p>\n","protected":false},"author":8,"featured_media":20990,"parent":0,"menu_order":0,"comment_status":"closed","ping_status":"closed","template":"","meta":{"footnotes":""},"acf":[],"yoast_head":"<!-- This site is optimized with the Yoast SEO plugin v21.8 - https:\/\/yoast.com\/wordpress\/plugins\/seo\/ -->\n<title>Triennale di Milano - \u041c\u0443\u0437\u0435\u0458 \u043f\u0440\u0438\u043c\u0435\u045a\u0435\u043d\u0435 \u0443\u043c\u0435\u0442\u043d\u043e\u0441\u0442\u0438 \u0411\u0435\u043e\u0433\u0440\u0430\u0434<\/title>\n<meta name=\"robots\" content=\"index, follow, max-snippet:-1, max-image-preview:large, max-video-preview:-1\" \/>\n<link rel=\"canonical\" href=\"https:\/\/mpu.rs\/en\/triennial\u0435-di-milan\u043e\/\" \/>\n<meta property=\"og:locale\" content=\"en_US\" \/>\n<meta property=\"og:type\" content=\"article\" \/>\n<meta property=\"og:title\" content=\"Triennale di Milano - \u041c\u0443\u0437\u0435\u0458 \u043f\u0440\u0438\u043c\u0435\u045a\u0435\u043d\u0435 \u0443\u043c\u0435\u0442\u043d\u043e\u0441\u0442\u0438 \u0411\u0435\u043e\u0433\u0440\u0430\u0434\" \/>\n<meta property=\"og:description\" content=\"[vc_row][vc_column][\/vc_column][\/vc_row][vc_row][vc_column css=&#8221;.vc_custom_1651748770313{margin-bottom: 40px !important;}&#8221;][vc_zigzag css=&#8221;.vc_custom_1651747151162{margin-bottom: 30px !important;}&#8221;][\/vc_column][\/vc_row][vc_row][vc_column][\/vc_column][\/vc_row][vc_row][vc_column css=&#8221;.vc_custom_1651748770313{margin-bottom: 40px !important;}&#8221;][vc_zigzag css=&#8221;.vc_custom_1651747151162{margin-bottom: 30px !important;}&#8221;][\/vc_column][\/vc_row][vc_row][vc_column css=&#8221;.vc_custom_1651748770313{margin-bottom: 40px !important;}&#8221;][vc_zigzag css=&#8221;.vc_custom_1651747151162{margin-bottom: 30px !important;}&#8221;][\/vc_column][\/vc_row][vc_row][vc_column css=&#8221;.vc_custom_1651748770313{margin-bottom: 40px !important;}&#8221;][vc_zigzag css=&#8221;.vc_custom_1651747151162{margin-bottom: 30px !important;}&#8221;][\/vc_column][\/vc_row][vc_row][vc_column css=&#8221;.vc_custom_1651748770313{margin-bottom: 40px !important;}&#8221;][vc_zigzag css=&#8221;.vc_custom_1651747151162{margin-bottom: 30px !important;}&#8221;][\/vc_column][\/vc_row][vc_row][vc_column width=&#8221;1\/6&#8243;][\/vc_column][vc_column width=&#8221;5\/6&#8243;][\/vc_column][\/vc_row][vc_row][vc_column width=&#8221;1\/6&#8243;][\/vc_column][vc_column width=&#8221;5\/6&#8243;][\/vc_column][\/vc_row][vc_row][vc_column width=&#8221;1\/6&#8243;][\/vc_column][vc_column width=&#8221;5\/6&#8243;][\/vc_column][\/vc_row][vc_row][vc_column width=&#8221;1\/6&#8243;][\/vc_column][vc_column width=&#8221;5\/6&#8243;][\/vc_column][\/vc_row][vc_row][vc_column width=&#8221;1\/6&#8243;][\/vc_column][vc_column width=&#8221;5\/6&#8243;][\/vc_column][\/vc_row][vc_row][vc_column width=&#8221;1\/6&#8243;][\/vc_column][vc_column width=&#8221;5\/6&#8243;][\/vc_column][\/vc_row][vc_row][vc_column width=&#8221;1\/6&#8243; css=&#8221;.vc_custom_1651747695613{margin-right: 20px !important;padding-right: 20px !important;}&#8221;][\/vc_column][vc_column width=&#8221;5\/6&#8243;][\/vc_column][\/vc_row][vc_row][vc_column width=&#8221;1\/6&#8243; css=&#8221;.vc_custom_1651747695613{margin-right: 20px !important;padding-right: 20px [&hellip;]\" \/>\n<meta property=\"og:url\" content=\"https:\/\/mpu.rs\/en\/triennial\u0435-di-milan\u043e\/\" \/>\n<meta property=\"og:site_name\" content=\"\u041c\u0443\u0437\u0435\u0458 \u043f\u0440\u0438\u043c\u0435\u045a\u0435\u043d\u0435 \u0443\u043c\u0435\u0442\u043d\u043e\u0441\u0442\u0438 \u0411\u0435\u043e\u0433\u0440\u0430\u0434\" \/>\n<meta property=\"article:modified_time\" content=\"2022-09-06T09:21:11+00:00\" \/>\n<meta property=\"og:image\" content=\"https:\/\/mpu.rs\/wp-content\/uploads\/2022\/06\/960x540.jpg\" \/>\n\t<meta property=\"og:image:width\" content=\"960\" \/>\n\t<meta property=\"og:image:height\" content=\"540\" \/>\n\t<meta property=\"og:image:type\" content=\"image\/jpeg\" \/>\n<meta name=\"twitter:card\" content=\"summary_large_image\" \/>\n<meta name=\"twitter:label1\" content=\"Est. reading time\" \/>\n\t<meta name=\"twitter:data1\" content=\"9 minutes\" \/>\n<script type=\"application\/ld+json\" class=\"yoast-schema-graph\">{\"@context\":\"https:\/\/schema.org\",\"@graph\":[{\"@type\":\"WebPage\",\"@id\":\"https:\/\/mpu.rs\/en\/triennial%d0%b5-di-milan%d0%be\/\",\"url\":\"https:\/\/mpu.rs\/en\/triennial%d0%b5-di-milan%d0%be\/\",\"name\":\"Triennale di Milano - \u041c\u0443\u0437\u0435\u0458 \u043f\u0440\u0438\u043c\u0435\u045a\u0435\u043d\u0435 \u0443\u043c\u0435\u0442\u043d\u043e\u0441\u0442\u0438 \u0411\u0435\u043e\u0433\u0440\u0430\u0434\",\"isPartOf\":{\"@id\":\"https:\/\/mpu.rs\/#website\"},\"datePublished\":\"2022-05-05T11:46:16+00:00\",\"dateModified\":\"2022-09-06T09:21:11+00:00\",\"breadcrumb\":{\"@id\":\"https:\/\/mpu.rs\/en\/triennial%d0%b5-di-milan%d0%be\/#breadcrumb\"},\"inLanguage\":\"en-US\",\"potentialAction\":[{\"@type\":\"ReadAction\",\"target\":[\"https:\/\/mpu.rs\/en\/triennial%d0%b5-di-milan%d0%be\/\"]}]},{\"@type\":\"BreadcrumbList\",\"@id\":\"https:\/\/mpu.rs\/en\/triennial%d0%b5-di-milan%d0%be\/#breadcrumb\",\"itemListElement\":[{\"@type\":\"ListItem\",\"position\":1,\"name\":\"Home\",\"item\":\"https:\/\/mpu.rs\/en\/\"},{\"@type\":\"ListItem\",\"position\":2,\"name\":\"Triennale di Milano\"}]},{\"@type\":\"WebSite\",\"@id\":\"https:\/\/mpu.rs\/#website\",\"url\":\"https:\/\/mpu.rs\/\",\"name\":\"\u041c\u0443\u0437\u0435\u0458 \u043f\u0440\u0438\u043c\u0435\u045a\u0435\u043d\u0435 \u0443\u043c\u0435\u0442\u043d\u043e\u0441\u0442\u0438 \u0411\u0435\u043e\u0433\u0440\u0430\u0434\",\"description\":\"\u0423\u043c\u0435\u0442\u043d\u0438\u0447\u043a\u0438 \u043c\u0443\u0437\u0435\u0458 \u0441\u043f\u0435\u0446\u0438\u0458\u0430\u043b\u0438\u0437\u043e\u0432\u0430\u043d\u043e\u0433 \u0442\u0438\u043f\u0430. \u041e\u0441\u043d\u043e\u0432\u043d\u0430 \u0434\u0435\u043b\u0430\u0442\u043d\u043e\u0441\u0442 \u043c\u0443\u0437\u0435\u0458\u0430 \u0458\u0435 \u0434\u0430 \u0441\u0438\u0441\u0442\u0435\u043c\u0430\u0442\u0441\u043a\u0438 \u043f\u0440\u0438\u043a\u0443\u043f\u0459\u0430, \u0437\u0430\u0448\u0442\u0438\u045b\u0443\u0458\u0435, \u0447\u0443\u0432\u0430, \u043f\u0440\u043e\u0443\u0447\u0430\u0432\u0430, \u0438\u0437\u043b\u0430\u0436\u0435 \u0438 \u043f\u0443\u0431\u043b\u0438\u043a\u0443\u0458\u0435 \u043f\u0440\u0435\u0434\u043c\u0435\u0442\u0435 \u043f\u0440\u0438\u043c\u0435\u045a\u0435\u043d\u0435\",\"potentialAction\":[{\"@type\":\"SearchAction\",\"target\":{\"@type\":\"EntryPoint\",\"urlTemplate\":\"https:\/\/mpu.rs\/?s={search_term_string}\"},\"query-input\":\"required name=search_term_string\"}],\"inLanguage\":\"en-US\"}]}<\/script>\n<!-- \/ Yoast SEO plugin. -->","yoast_head_json":{"title":"Triennale di Milano - \u041c\u0443\u0437\u0435\u0458 \u043f\u0440\u0438\u043c\u0435\u045a\u0435\u043d\u0435 \u0443\u043c\u0435\u0442\u043d\u043e\u0441\u0442\u0438 \u0411\u0435\u043e\u0433\u0440\u0430\u0434","robots":{"index":"index","follow":"follow","max-snippet":"max-snippet:-1","max-image-preview":"max-image-preview:large","max-video-preview":"max-video-preview:-1"},"canonical":"https:\/\/mpu.rs\/en\/triennial\u0435-di-milan\u043e\/","og_locale":"en_US","og_type":"article","og_title":"Triennale di Milano - \u041c\u0443\u0437\u0435\u0458 \u043f\u0440\u0438\u043c\u0435\u045a\u0435\u043d\u0435 \u0443\u043c\u0435\u0442\u043d\u043e\u0441\u0442\u0438 \u0411\u0435\u043e\u0433\u0440\u0430\u0434","og_description":"[vc_row][vc_column][\/vc_column][\/vc_row][vc_row][vc_column css=&#8221;.vc_custom_1651748770313{margin-bottom: 40px !important;}&#8221;][vc_zigzag css=&#8221;.vc_custom_1651747151162{margin-bottom: 30px !important;}&#8221;][\/vc_column][\/vc_row][vc_row][vc_column][\/vc_column][\/vc_row][vc_row][vc_column css=&#8221;.vc_custom_1651748770313{margin-bottom: 40px !important;}&#8221;][vc_zigzag css=&#8221;.vc_custom_1651747151162{margin-bottom: 30px !important;}&#8221;][\/vc_column][\/vc_row][vc_row][vc_column css=&#8221;.vc_custom_1651748770313{margin-bottom: 40px !important;}&#8221;][vc_zigzag css=&#8221;.vc_custom_1651747151162{margin-bottom: 30px !important;}&#8221;][\/vc_column][\/vc_row][vc_row][vc_column css=&#8221;.vc_custom_1651748770313{margin-bottom: 40px !important;}&#8221;][vc_zigzag css=&#8221;.vc_custom_1651747151162{margin-bottom: 30px !important;}&#8221;][\/vc_column][\/vc_row][vc_row][vc_column css=&#8221;.vc_custom_1651748770313{margin-bottom: 40px !important;}&#8221;][vc_zigzag css=&#8221;.vc_custom_1651747151162{margin-bottom: 30px !important;}&#8221;][\/vc_column][\/vc_row][vc_row][vc_column width=&#8221;1\/6&#8243;][\/vc_column][vc_column width=&#8221;5\/6&#8243;][\/vc_column][\/vc_row][vc_row][vc_column width=&#8221;1\/6&#8243;][\/vc_column][vc_column width=&#8221;5\/6&#8243;][\/vc_column][\/vc_row][vc_row][vc_column width=&#8221;1\/6&#8243;][\/vc_column][vc_column width=&#8221;5\/6&#8243;][\/vc_column][\/vc_row][vc_row][vc_column width=&#8221;1\/6&#8243;][\/vc_column][vc_column width=&#8221;5\/6&#8243;][\/vc_column][\/vc_row][vc_row][vc_column width=&#8221;1\/6&#8243;][\/vc_column][vc_column width=&#8221;5\/6&#8243;][\/vc_column][\/vc_row][vc_row][vc_column width=&#8221;1\/6&#8243;][\/vc_column][vc_column width=&#8221;5\/6&#8243;][\/vc_column][\/vc_row][vc_row][vc_column width=&#8221;1\/6&#8243; css=&#8221;.vc_custom_1651747695613{margin-right: 20px !important;padding-right: 20px !important;}&#8221;][\/vc_column][vc_column width=&#8221;5\/6&#8243;][\/vc_column][\/vc_row][vc_row][vc_column width=&#8221;1\/6&#8243; css=&#8221;.vc_custom_1651747695613{margin-right: 20px !important;padding-right: 20px [&hellip;]","og_url":"https:\/\/mpu.rs\/en\/triennial\u0435-di-milan\u043e\/","og_site_name":"\u041c\u0443\u0437\u0435\u0458 \u043f\u0440\u0438\u043c\u0435\u045a\u0435\u043d\u0435 \u0443\u043c\u0435\u0442\u043d\u043e\u0441\u0442\u0438 \u0411\u0435\u043e\u0433\u0440\u0430\u0434","article_modified_time":"2022-09-06T09:21:11+00:00","og_image":[{"width":960,"height":540,"url":"https:\/\/mpu.rs\/wp-content\/uploads\/2022\/06\/960x540.jpg","type":"image\/jpeg"}],"twitter_card":"summary_large_image","twitter_misc":{"Est. reading time":"9 minutes"},"schema":{"@context":"https:\/\/schema.org","@graph":[{"@type":"WebPage","@id":"https:\/\/mpu.rs\/en\/triennial%d0%b5-di-milan%d0%be\/","url":"https:\/\/mpu.rs\/en\/triennial%d0%b5-di-milan%d0%be\/","name":"Triennale di Milano - \u041c\u0443\u0437\u0435\u0458 \u043f\u0440\u0438\u043c\u0435\u045a\u0435\u043d\u0435 \u0443\u043c\u0435\u0442\u043d\u043e\u0441\u0442\u0438 \u0411\u0435\u043e\u0433\u0440\u0430\u0434","isPartOf":{"@id":"https:\/\/mpu.rs\/#website"},"datePublished":"2022-05-05T11:46:16+00:00","dateModified":"2022-09-06T09:21:11+00:00","breadcrumb":{"@id":"https:\/\/mpu.rs\/en\/triennial%d0%b5-di-milan%d0%be\/#breadcrumb"},"inLanguage":"en-US","potentialAction":[{"@type":"ReadAction","target":["https:\/\/mpu.rs\/en\/triennial%d0%b5-di-milan%d0%be\/"]}]},{"@type":"BreadcrumbList","@id":"https:\/\/mpu.rs\/en\/triennial%d0%b5-di-milan%d0%be\/#breadcrumb","itemListElement":[{"@type":"ListItem","position":1,"name":"Home","item":"https:\/\/mpu.rs\/en\/"},{"@type":"ListItem","position":2,"name":"Triennale di Milano"}]},{"@type":"WebSite","@id":"https:\/\/mpu.rs\/#website","url":"https:\/\/mpu.rs\/","name":"\u041c\u0443\u0437\u0435\u0458 \u043f\u0440\u0438\u043c\u0435\u045a\u0435\u043d\u0435 \u0443\u043c\u0435\u0442\u043d\u043e\u0441\u0442\u0438 \u0411\u0435\u043e\u0433\u0440\u0430\u0434","description":"\u0423\u043c\u0435\u0442\u043d\u0438\u0447\u043a\u0438 \u043c\u0443\u0437\u0435\u0458 \u0441\u043f\u0435\u0446\u0438\u0458\u0430\u043b\u0438\u0437\u043e\u0432\u0430\u043d\u043e\u0433 \u0442\u0438\u043f\u0430. \u041e\u0441\u043d\u043e\u0432\u043d\u0430 \u0434\u0435\u043b\u0430\u0442\u043d\u043e\u0441\u0442 \u043c\u0443\u0437\u0435\u0458\u0430 \u0458\u0435 \u0434\u0430 \u0441\u0438\u0441\u0442\u0435\u043c\u0430\u0442\u0441\u043a\u0438 \u043f\u0440\u0438\u043a\u0443\u043f\u0459\u0430, \u0437\u0430\u0448\u0442\u0438\u045b\u0443\u0458\u0435, \u0447\u0443\u0432\u0430, \u043f\u0440\u043e\u0443\u0447\u0430\u0432\u0430, \u0438\u0437\u043b\u0430\u0436\u0435 \u0438 \u043f\u0443\u0431\u043b\u0438\u043a\u0443\u0458\u0435 \u043f\u0440\u0435\u0434\u043c\u0435\u0442\u0435 \u043f\u0440\u0438\u043c\u0435\u045a\u0435\u043d\u0435","potentialAction":[{"@type":"SearchAction","target":{"@type":"EntryPoint","urlTemplate":"https:\/\/mpu.rs\/?s={search_term_string}"},"query-input":"required name=search_term_string"}],"inLanguage":"en-US"}]}},"_links":{"self":[{"href":"https:\/\/mpu.rs\/en\/wp-json\/wp\/v2\/pages\/20553"}],"collection":[{"href":"https:\/\/mpu.rs\/en\/wp-json\/wp\/v2\/pages"}],"about":[{"href":"https:\/\/mpu.rs\/en\/wp-json\/wp\/v2\/types\/page"}],"author":[{"embeddable":true,"href":"https:\/\/mpu.rs\/en\/wp-json\/wp\/v2\/users\/8"}],"replies":[{"embeddable":true,"href":"https:\/\/mpu.rs\/en\/wp-json\/wp\/v2\/comments?post=20553"}],"version-history":[{"count":0,"href":"https:\/\/mpu.rs\/en\/wp-json\/wp\/v2\/pages\/20553\/revisions"}],"wp:featuredmedia":[{"embeddable":true,"href":"https:\/\/mpu.rs\/en\/wp-json\/wp\/v2\/media\/20990"}],"wp:attachment":[{"href":"https:\/\/mpu.rs\/en\/wp-json\/wp\/v2\/media?parent=20553"}],"curies":[{"name":"wp","href":"https:\/\/api.w.org\/{rel}","templated":true}]}}